{"id":1955,"date":"2023-03-13T13:39:28","date_gmt":"2023-03-13T13:39:28","guid":{"rendered":"https:\/\/buenashastaelhueso.es\/politica-de-privadesa"},"modified":"2023-03-13T13:39:28","modified_gmt":"2023-03-13T13:39:28","slug":"politica-de-privadesa","status":"publish","type":"page","link":"https:\/\/buenashastaelhueso.es\/ca\/politica-de-privadesa","title":{"rendered":"Pol\u00edtica de privadesa"},"content":{"rendered":"\n<p><strong>1.<\/strong>&nbsp; <strong>INFORMACI\u00d3 A L&#8217;USUARI<\/strong><\/p>\n\n\n\n<p><strong>Cooperatives Agroaliment\u00e0ries d&#8217;Espanya, U. de Coop<\/strong> , com a Responsable del Tractament, us informa que, segons el que disposa el Reglament (UE) 2016\/679, de 27 d&#8217;abril, (RGPD) i la LO 3\/2018, de 5 de desembre, de protecci\u00f3 de dades i garantia dels drets digitals (LOPDGDD), tractarem les vostres dades tal com reflectim en aquesta Pol\u00edtica de Privadesa.<\/p>\n\n\n\n<p>En aquesta Pol\u00edtica de Privadesa descrivim com recollim les vostres dades personals i per qu\u00e8 les recollim, qu\u00e8 fem amb elles, amb qui les compartim, com les protegim i les seves opcions pel que fa al tractament de les vostres dades personals.<\/p>\n\n\n\n<p>Aquesta Pol\u00edtica s&#8217;aplica al tractament de les vostres dades personals recollides per l&#8217;empresa per a la prestaci\u00f3 dels seus serveis. Si accepteu les mesures d&#8217;aquesta Pol\u00edtica, accepteu que tractem les vostres dades personals com es defineix en aquesta Pol\u00edtica.<\/p>\n\n\n\n<p><strong>2. CONTACTE<\/strong><\/p>\n\n\n\n<p>Denominaci\u00f3 social: <strong>Cooperatives Agroaliment\u00e0ries d&#8217;Espanya, U. de Coop<\/strong><br>Nom comercial: <strong>Cooperatives Agroaliment\u00e0ries d&#8217;Espanya, U. de Coop<\/strong><br>CIF: <strong>F79366878<\/strong><br>Domicili: <strong>Carrer Agust\u00ed de Betancourt, 17 4\u00aapl \u2013 Madrid 28003<\/strong><br>e-mail: <strong>buenashastaelhueso@gmail.com<\/strong><br> <br><strong>3. PRINCIPIS CLAU<\/strong><\/p>\n\n\n\n<p>Sempre hem estat compromesos amb prestar els nostres serveis amb el m\u00e9s alt grau de qualitat, cosa que inclou tractar les seves dades amb seguretat i transpar\u00e8ncia. Els nostres principis s\u00f3n:<\/p>\n\n\n\n<ul class=\"wp-block-list\">\n<li><strong>Legalitat<\/strong> : Nom\u00e9s recopilarem les seves Dades personals per a fins espec\u00edfics <a href=\"https:\/\/ceporros.com\/\">,<\/a>&nbsp; expl\u00edcits i leg\u00edtims.<\/li>\n\n\n\n<li><strong>Minimitzaci\u00f3 de dades<\/strong> : Limitem la recollida de dades de car\u00e0cter personal a all\u00f2 que \u00e9s estrictament rellevant i necessari per als fins per als quals s&#8217;han recopilat.<\/li>\n\n\n\n<li><strong>Limitaci\u00f3 de la Finalitat<\/strong> : Nom\u00e9s recollirem les vostres dades personals per als fins declarats i nom\u00e9s segons els vostres desitjos.<\/li>\n\n\n\n<li><strong>Precisi\u00f3<\/strong> : Mantindrem les vostres dades personals exactes i actualitzades.<\/li>\n\n\n\n<li><strong>Seguretat de les dades<\/strong> : Apliquem les mesures t\u00e8cniques i organitzatives adequades i proporcionals als riscos per garantir que les seves dades no pateixin danys, com ara divulgaci\u00f3 o acc\u00e9s no autoritzat, la destrucci\u00f3 accidental o il\u00b7l\u00edcita o la seva p\u00e8rdua accidental o alteraci\u00f3 i qualsevol altra forma de tractament il\u00b7l\u00edcit.<\/li>\n\n\n\n<li><strong>Acc\u00e9s i Rectificaci\u00f3<\/strong> : Disposem de mitjans perqu\u00e8 accedeixi o rectifiqui les seves dades quan ho consideri oport\u00fa.<\/li>\n\n\n\n<li><strong>Conservaci\u00f3<\/strong> : Conservem les vostres dades personals de manera legal i apropiada i nom\u00e9s mentre \u00e9s necessari per als fins per als que s&#8217;han recopilat.<\/li>\n\n\n\n<li><strong>Les transfer\u00e8ncies internacionals<\/strong> : quan es doni el cas que les seves dades siguin transferides fora de la UE\/EEE es protegiran adequadament.<\/li>\n\n\n\n<li><strong>Tercers<\/strong> : L&#8217;acc\u00e9s i la transfer\u00e8ncia de dades personals a tercers es duen a terme d&#8217;acord amb les lleis i els reglaments aplicables i amb les garanties contractuals adequades.<\/li>\n\n\n\n<li><strong>M\u00e0rqueting Directe i cookies<\/strong> : Complim amb la legislaci\u00f3 aplicable en mat\u00e8ria de publicitat i cookies.<\/li>\n<\/ul>\n\n\n\n<p><strong>4. RECOLLIDA I TRACTAMENT DE LES SEVES DADES PERSONALS<\/strong><br>Els tipus de dades que es poden sol\u00b7licitar i tractar s\u00f3n:<\/p>\n\n\n\n<ul class=\"wp-block-list\">\n<li>Dades de car\u00e0cter identificatiu.<\/li>\n<\/ul>\n\n\n\n<p>Tamb\u00e9 recollim de forma autom\u00e0tica dades sobre la vostra visita al nostre lloc web&nbsp; segons es descriu a la pol\u00edtica de cookies.<\/p>\n\n\n\n<p>Sempre que sol\u00b7licitem les vostres Dades personals, us informarem amb claredat de quines dades personals recollim i amb quina finalitat. En general, recollim i tractem les vostres dades personals amb el prop\u00f2sit de:<\/p>\n\n\n\n<ul class=\"wp-block-list\">\n<li>Proporcionar informaci\u00f3, serveis, productes, informaci\u00f3 rellevant i novetats al sector.<\/li>\n\n\n\n<li>Enviament de comunicacions.<\/li>\n<\/ul>\n\n\n\n<p><strong>5. LEGITIMITAT<\/strong><\/p>\n\n\n\n<p>D&#8217;acord amb la normativa de protecci\u00f3 de dades aplicable, les vostres dades personals es poden tractar sempre que:<\/p>\n\n\n\n<ul class=\"wp-block-list\">\n<li>Ens ha donat el consentiment als efectes del tractament. Per descomptat, podr\u00e0 retirar el seu consentiment en qualsevol moment.<\/li>\n\n\n\n<li>Per requeriment legal.<\/li>\n\n\n\n<li>Per existir un inter\u00e8s leg\u00edtim que no es vegi menyscabat pels seus drets de privadesa, com per exemple l&#8217;enviament d&#8217;informaci\u00f3 comercial b\u00e9 per subscripci\u00f3 a la nostra newsletter o per la seva condici\u00f3 de client.<\/li>\n\n\n\n<li>Per aix\u00f2 \u00e9s necess\u00e0ria per a la prestaci\u00f3 d&#8217;algun dels nostres serveis mitjan\u00e7ant relaci\u00f3 contractual entre vost\u00e8 i nosaltres.<\/li>\n<\/ul>\n\n\n\n<p><strong>6. COMUNICACI\u00d3 DE DADES PERSONALS<\/strong><\/p>\n\n\n\n<p>Les dades poden ser comunicades a empreses relacionades amb <strong>Cooperatives Agroaliment\u00e0ries d&#8217;Espanya, U. de Coop<\/strong> per a la prestaci\u00f3 dels diversos serveis en qualitat d&#8217;Encarregats del Tractament. L&#8217;empresa no far\u00e0 cap cessi\u00f3, excepte per obligaci\u00f3 legal.<\/p>\n\n\n\n<p><strong>7. ELS SEUS DRETS<\/strong><\/p>\n\n\n\n<p>En relaci\u00f3 amb la recollida i tractament de les vostres dades personals, podeu posar-vos en contacte amb nosaltres en qualsevol moment per:<\/p>\n\n\n\n<ul class=\"wp-block-list\">\n<li>Accedir a les vostres dades personals ia qualsevol altra informaci\u00f3 indicada a l&#8217;article 15.1 del RGPD.<\/li>\n\n\n\n<li>Rectificar les dades personals que siguin inexactes o estiguin incompletes d&#8217;acord amb l&#8217;article 16 del RGPD.<\/li>\n\n\n\n<li>Suprimir les vostres dades personals d&#8217;acord amb l&#8217;article 17 del RGPD.<\/li>\n\n\n\n<li>Limitar el tractament de les vostres dades personals d&#8217;acord amb l&#8217;article 18 del RGPD.<\/li>\n\n\n\n<li>Sol\u00b7licitar la portabilitat de les vostres dades d&#8217;acord amb l&#8217;article 20 del RGPD.<\/li>\n\n\n\n<li>Oposar-se al tractament de les vostres dades personals d&#8217;acord amb l&#8217;article 21 del RGPD.<\/li>\n<\/ul>\n\n\n\n<p>Si heu atorgat el vostre consentiment per a alguna finalitat concreta, teniu dret a retirar el consentiment atorgat en qualsevol moment, sense que aix\u00f2 afecti la licitud del tractament basat en el consentiment previ a la seva retirada rrhh.<\/p>\n\n\n\n<p>Podeu exercir aquests drets enviant comunicaci\u00f3, motivada i acreditada, a tuemail@tudominio.com<\/p>\n\n\n\n<p>Tamb\u00e9 t\u00e9 dret a presentar una reclamaci\u00f3 davant de l&#8217;Autoritat de control competent ( <a href=\"https:\/\/aepd.es\/\" target=\"_blank\" rel=\"noreferrer noopener\">www.aepd.es<\/a> ) si&nbsp; considera que el tractament no sajusta a la normativa vigent.<\/p>\n\n\n\n<p><strong>8. INFORMACI\u00d3 LEGAL<\/strong><br>Els requisits d&#8217;aquesta Pol\u00edtica complementen, i no reemplacen, qualsevol altre requisit existent sota la llei de protecci\u00f3 de dades aplicable, que ser\u00e0 la que prevalgui en qualsevol cas.<\/p>\n\n\n\n<p>Aquesta Pol\u00edtica est\u00e0 subjecta a revisions peri\u00f2diques i l&#8217;empresa la pot modificar en qualsevol moment. Quan aix\u00f2 passi, us avisarem de qualsevol canvi i us demanarem que torneu a llegir la versi\u00f3 m\u00e9s recent de la nostra Pol\u00edtica i que confirmeu la seva acceptaci\u00f3.<\/p>\n","protected":false},"excerpt":{"rendered":"<p>1.&nbsp; INFORMACI\u00d3 A L&#8217;USUARI Cooperatives Agroaliment\u00e0ries d&#8217;Espanya, U. de Coop , com a Responsable del Tractament, us informa que, segons el que disposa el Reglament (UE) 2016\/679, de 27 d&#8217;abril, (RGPD) i la LO 3\/2018, de 5 de desembre, de protecci\u00f3 de dades i garantia dels drets digitals (LOPDGDD), tractarem les vostres dades tal com [&hellip;]<\/p>\n","protected":false},"author":1,"featured_media":0,"parent":0,"menu_order":0,"comment_status":"closed","ping_status":"closed","template":"","meta":{"footnotes":""},"class_list":["post-1955","page","type-page","status-publish","hentry"],"yoast_head":"<!-- This site is optimized with the Yoast SEO plugin v27.5 - https:\/\/yoast.com\/product\/yoast-seo-wordpress\/ -->\n<title>Pol\u00edtica de privadesa - Buenas hasta el hueso<\/title>\n<meta name=\"robots\" content=\"index, follow, max-snippet:-1, max-image-preview:large, max-video-preview:-1\" \/>\n<link rel=\"canonical\" href=\"https:\/\/buenashastaelhueso.es\/politica-de-privadesa\" \/>\n<meta property=\"og:locale\" content=\"ca_ES\" \/>\n<meta property=\"og:type\" content=\"article\" \/>\n<meta property=\"og:title\" content=\"Pol\u00edtica de privadesa - Buenas hasta el hueso\" \/>\n<meta property=\"og:description\" content=\"1.&nbsp; INFORMACI\u00d3 A L&#8217;USUARI Cooperatives Agroaliment\u00e0ries d&#8217;Espanya, U. de Coop , com a Responsable del Tractament, us informa que, segons el que disposa el Reglament (UE) 2016\/679, de 27 d&#8217;abril, (RGPD) i la LO 3\/2018, de 5 de desembre, de protecci\u00f3 de dades i garantia dels drets digitals (LOPDGDD), tractarem les vostres dades tal com [&hellip;]\" \/>\n<meta property=\"og:url\" content=\"https:\/\/buenashastaelhueso.es\/politica-de-privadesa\" \/>\n<meta property=\"og:site_name\" content=\"Buenas hasta el hueso\" \/>\n<meta property=\"article:publisher\" content=\"https:\/\/www.facebook.com\/buenashastaelhueso\" \/>\n<meta property=\"og:image\" content=\"https:\/\/buenashastaelhueso.es\/wp-content\/uploads\/2023\/05\/Buenas-Hasta-el-Hueso_logo.jpg\" \/>\n\t<meta property=\"og:image:width\" content=\"1200\" \/>\n\t<meta property=\"og:image:height\" content=\"675\" \/>\n\t<meta property=\"og:image:type\" content=\"image\/jpeg\" \/>\n<meta name=\"twitter:card\" content=\"summary_large_image\" \/>\n<meta name=\"twitter:site\" content=\"@Fruta_de_Hueso\" \/>\n<meta name=\"twitter:label1\" content=\"Temps estimat de lectura\" \/>\n\t<meta name=\"twitter:data1\" content=\"5 minuts\" \/>\n<script type=\"application\/ld+json\" class=\"yoast-schema-graph\">{\"@context\":\"https:\\\/\\\/schema.org\",\"@graph\":[{\"@type\":\"WebPage\",\"@id\":\"https:\\\/\\\/buenashastaelhueso.es\\\/politica-de-privadesa\",\"url\":\"https:\\\/\\\/buenashastaelhueso.es\\\/politica-de-privadesa\",\"name\":\"Pol\u00edtica de privadesa - Buenas hasta el hueso\",\"isPartOf\":{\"@id\":\"https:\\\/\\\/buenashastaelhueso.es\\\/#website\"},\"datePublished\":\"2023-03-13T13:39:28+00:00\",\"breadcrumb\":{\"@id\":\"https:\\\/\\\/buenashastaelhueso.es\\\/politica-de-privadesa#breadcrumb\"},\"inLanguage\":\"ca\",\"potentialAction\":[{\"@type\":\"ReadAction\",\"target\":[\"https:\\\/\\\/buenashastaelhueso.es\\\/politica-de-privadesa\"]}]},{\"@type\":\"BreadcrumbList\",\"@id\":\"https:\\\/\\\/buenashastaelhueso.es\\\/politica-de-privadesa#breadcrumb\",\"itemListElement\":[{\"@type\":\"ListItem\",\"position\":1,\"name\":\"Portada\",\"item\":\"https:\\\/\\\/buenashastaelhueso.es\\\/\"},{\"@type\":\"ListItem\",\"position\":2,\"name\":\"Pol\u00edtica de privadesa\"}]},{\"@type\":\"WebSite\",\"@id\":\"https:\\\/\\\/buenashastaelhueso.es\\\/#website\",\"url\":\"https:\\\/\\\/buenashastaelhueso.es\\\/\",\"name\":\"Buenas Hasta el Hueso\",\"description\":\"Melocot\u00f3n, cereza, albaricoque, ciruela, nectarina, paraguayo... Las frutas de hueso son todo sabor, \u00a1y muy sanas! Descubre Buenas Hasta El Hueso\",\"publisher\":{\"@id\":\"https:\\\/\\\/buenashastaelhueso.es\\\/#organization\"},\"potentialAction\":[{\"@type\":\"SearchAction\",\"target\":{\"@type\":\"EntryPoint\",\"urlTemplate\":\"https:\\\/\\\/buenashastaelhueso.es\\\/?s={search_term_string}\"},\"query-input\":{\"@type\":\"PropertyValueSpecification\",\"valueRequired\":true,\"valueName\":\"search_term_string\"}}],\"inLanguage\":\"ca\"},{\"@type\":\"Organization\",\"@id\":\"https:\\\/\\\/buenashastaelhueso.es\\\/#organization\",\"name\":\"Buenas Hasta el Hueso\",\"url\":\"https:\\\/\\\/buenashastaelhueso.es\\\/\",\"logo\":{\"@type\":\"ImageObject\",\"inLanguage\":\"ca\",\"@id\":\"https:\\\/\\\/buenashastaelhueso.es\\\/#\\\/schema\\\/logo\\\/image\\\/\",\"url\":\"https:\\\/\\\/buenashastaelhueso.es\\\/wp-content\\\/uploads\\\/2023\\\/05\\\/LOGO_2_JPEG.jpg\",\"contentUrl\":\"https:\\\/\\\/buenashastaelhueso.es\\\/wp-content\\\/uploads\\\/2023\\\/05\\\/LOGO_2_JPEG.jpg\",\"width\":1080,\"height\":1080,\"caption\":\"Buenas Hasta el Hueso\"},\"image\":{\"@id\":\"https:\\\/\\\/buenashastaelhueso.es\\\/#\\\/schema\\\/logo\\\/image\\\/\"},\"sameAs\":[\"https:\\\/\\\/www.facebook.com\\\/buenashastaelhueso\",\"https:\\\/\\\/x.com\\\/Fruta_de_Hueso\",\"https:\\\/\\\/www.instagram.com\\\/buenashastaelhueso\",\"https:\\\/\\\/www.youtube.com\\\/channel\\\/UCGcztHmqo_HxpsbEO2i-8gw\",\"https:\\\/\\\/www.tiktok.com\\\/@buenashastaelhueso\"]}]}<\/script>\n<!-- \/ Yoast SEO plugin. -->","yoast_head_json":{"title":"Pol\u00edtica de privadesa - Buenas hasta el hueso","robots":{"index":"index","follow":"follow","max-snippet":"max-snippet:-1","max-image-preview":"max-image-preview:large","max-video-preview":"max-video-preview:-1"},"canonical":"https:\/\/buenashastaelhueso.es\/politica-de-privadesa","og_locale":"ca_ES","og_type":"article","og_title":"Pol\u00edtica de privadesa - Buenas hasta el hueso","og_description":"1.&nbsp; INFORMACI\u00d3 A L&#8217;USUARI Cooperatives Agroaliment\u00e0ries d&#8217;Espanya, U. de Coop , com a Responsable del Tractament, us informa que, segons el que disposa el Reglament (UE) 2016\/679, de 27 d&#8217;abril, (RGPD) i la LO 3\/2018, de 5 de desembre, de protecci\u00f3 de dades i garantia dels drets digitals (LOPDGDD), tractarem les vostres dades tal com [&hellip;]","og_url":"https:\/\/buenashastaelhueso.es\/politica-de-privadesa","og_site_name":"Buenas hasta el hueso","article_publisher":"https:\/\/www.facebook.com\/buenashastaelhueso","og_image":[{"width":1200,"height":675,"url":"https:\/\/buenashastaelhueso.es\/wp-content\/uploads\/2023\/05\/Buenas-Hasta-el-Hueso_logo.jpg","type":"image\/jpeg"}],"twitter_card":"summary_large_image","twitter_site":"@Fruta_de_Hueso","twitter_misc":{"Temps estimat de lectura":"5 minuts"},"schema":{"@context":"https:\/\/schema.org","@graph":[{"@type":"WebPage","@id":"https:\/\/buenashastaelhueso.es\/politica-de-privadesa","url":"https:\/\/buenashastaelhueso.es\/politica-de-privadesa","name":"Pol\u00edtica de privadesa - Buenas hasta el hueso","isPartOf":{"@id":"https:\/\/buenashastaelhueso.es\/#website"},"datePublished":"2023-03-13T13:39:28+00:00","breadcrumb":{"@id":"https:\/\/buenashastaelhueso.es\/politica-de-privadesa#breadcrumb"},"inLanguage":"ca","potentialAction":[{"@type":"ReadAction","target":["https:\/\/buenashastaelhueso.es\/politica-de-privadesa"]}]},{"@type":"BreadcrumbList","@id":"https:\/\/buenashastaelhueso.es\/politica-de-privadesa#breadcrumb","itemListElement":[{"@type":"ListItem","position":1,"name":"Portada","item":"https:\/\/buenashastaelhueso.es\/"},{"@type":"ListItem","position":2,"name":"Pol\u00edtica de privadesa"}]},{"@type":"WebSite","@id":"https:\/\/buenashastaelhueso.es\/#website","url":"https:\/\/buenashastaelhueso.es\/","name":"Buenas Hasta el Hueso","description":"Melocot\u00f3n, cereza, albaricoque, ciruela, nectarina, paraguayo... Las frutas de hueso son todo sabor, \u00a1y muy sanas! Descubre Buenas Hasta El Hueso","publisher":{"@id":"https:\/\/buenashastaelhueso.es\/#organization"},"potentialAction":[{"@type":"SearchAction","target":{"@type":"EntryPoint","urlTemplate":"https:\/\/buenashastaelhueso.es\/?s={search_term_string}"},"query-input":{"@type":"PropertyValueSpecification","valueRequired":true,"valueName":"search_term_string"}}],"inLanguage":"ca"},{"@type":"Organization","@id":"https:\/\/buenashastaelhueso.es\/#organization","name":"Buenas Hasta el Hueso","url":"https:\/\/buenashastaelhueso.es\/","logo":{"@type":"ImageObject","inLanguage":"ca","@id":"https:\/\/buenashastaelhueso.es\/#\/schema\/logo\/image\/","url":"https:\/\/buenashastaelhueso.es\/wp-content\/uploads\/2023\/05\/LOGO_2_JPEG.jpg","contentUrl":"https:\/\/buenashastaelhueso.es\/wp-content\/uploads\/2023\/05\/LOGO_2_JPEG.jpg","width":1080,"height":1080,"caption":"Buenas Hasta el Hueso"},"image":{"@id":"https:\/\/buenashastaelhueso.es\/#\/schema\/logo\/image\/"},"sameAs":["https:\/\/www.facebook.com\/buenashastaelhueso","https:\/\/x.com\/Fruta_de_Hueso","https:\/\/www.instagram.com\/buenashastaelhueso","https:\/\/www.youtube.com\/channel\/UCGcztHmqo_HxpsbEO2i-8gw","https:\/\/www.tiktok.com\/@buenashastaelhueso"]}]}},"_links":{"self":[{"href":"https:\/\/buenashastaelhueso.es\/ca\/wp-json\/wp\/v2\/pages\/1955","targetHints":{"allow":["GET"]}}],"collection":[{"href":"https:\/\/buenashastaelhueso.es\/ca\/wp-json\/wp\/v2\/pages"}],"about":[{"href":"https:\/\/buenashastaelhueso.es\/ca\/wp-json\/wp\/v2\/types\/page"}],"author":[{"embeddable":true,"href":"https:\/\/buenashastaelhueso.es\/ca\/wp-json\/wp\/v2\/users\/1"}],"replies":[{"embeddable":true,"href":"https:\/\/buenashastaelhueso.es\/ca\/wp-json\/wp\/v2\/comments?post=1955"}],"version-history":[{"count":0,"href":"https:\/\/buenashastaelhueso.es\/ca\/wp-json\/wp\/v2\/pages\/1955\/revisions"}],"wp:attachment":[{"href":"https:\/\/buenashastaelhueso.es\/ca\/wp-json\/wp\/v2\/media?parent=1955"}],"curies":[{"name":"wp","href":"https:\/\/api.w.org\/{rel}","templated":true}]}}